{"version":"1.0","provider_name":"Entrerr\u00edos Automatizaci\u00f3n","provider_url":"https:\/\/www.colocolofs.es\/web","author_name":"admin","author_url":"https:\/\/www.colocolofs.es\/web\/author\/admin\/","title":"Paola Guerrero, \u00a1Renovada! - Entrerr\u00edos Automatizaci\u00f3n","type":"rich","width":600,"height":338,"html":"<blockquote class=\"wp-embedded-content\" data-secret=\"WIsE3EetrU\"><a href=\"https:\/\/www.colocolofs.es\/web\/paola-guerrero-renovada\/\">Paola Guerrero, \u00a1Renovada!<\/a><\/blockquote><iframe sandbox=\"allow-scripts\" security=\"restricted\" src=\"https:\/\/www.colocolofs.es\/web\/paola-guerrero-renovada\/embed\/#?secret=WIsE3EetrU\" width=\"600\" height=\"338\" title=\"\u00abPaola Guerrero, \u00a1Renovada!\u00bb \u2014 Entrerr\u00edos Automatizaci\u00f3n\" data-secret=\"WIsE3EetrU\" frameborder=\"0\" marginwidth=\"0\" marginheight=\"0\" scrolling=\"no\" class=\"wp-embedded-content\"><\/iframe><script type=\"text\/javascript\">\n\/* <![CDATA[ *\/\n\/*! This file is auto-generated *\/\n!function(d,l){\"use strict\";l.querySelector&&d.addEventListener&&\"undefined\"!=typeof URL&&(d.wp=d.wp||{},d.wp.receiveEmbedMessage||(d.wp.receiveEmbedMessage=function(e){var t=e.data;if((t||t.secret||t.message||t.value)&&!\/[^a-zA-Z0-9]\/.test(t.secret)){for(var s,r,n,a=l.querySelectorAll('iframe[data-secret=\"'+t.secret+'\"]'),o=l.querySelectorAll('blockquote[data-secret=\"'+t.secret+'\"]'),c=new RegExp(\"^https?:$\",\"i\"),i=0;i<o.length;i++)o[i].style.display=\"none\";for(i=0;i<a.length;i++)s=a[i],e.source===s.contentWindow&&(s.removeAttribute(\"style\"),\"height\"===t.message?(1e3<(r=parseInt(t.value,10))?r=1e3:~~r<200&&(r=200),s.height=r):\"link\"===t.message&&(r=new URL(s.getAttribute(\"src\")),n=new URL(t.value),c.test(n.protocol))&&n.host===r.host&&l.activeElement===s&&(d.top.location.href=t.value))}},d.addEventListener(\"message\",d.wp.receiveEmbedMessage,!1),l.addEventListener(\"DOMContentLoaded\",function(){for(var e,t,s=l.querySelectorAll(\"iframe.wp-embedded-content\"),r=0;r<s.length;r++)(t=(e=s[r]).getAttribute(\"data-secret\"))||(t=Math.random().toString(36).substring(2,12),e.src+=\"#?secret=\"+t,e.setAttribute(\"data-secret\",t)),e.contentWindow.postMessage({message:\"ready\",secret:t},\"*\")},!1)))}(window,document);\n\/\/# sourceURL=https:\/\/www.colocolofs.es\/web\/wp-includes\/js\/wp-embed.min.js\n\/* ]]> *\/\n<\/script>\n","thumbnail_url":"https:\/\/www.colocolofs.es\/web\/wp-content\/uploads\/2021\/08\/Renovaci\u00f3n-Paola-Guerrero.jpg","thumbnail_width":1600,"thumbnail_height":800,"description":"Paola Garc\u00eda Guerrero va a seguir perteneciendo a la plantilla del IngerTV Colo Colo, al menos durante una campa\u00f1a m\u00e1s. Paola argumenta que su renovaci\u00f3n \u00abse debe principalmente al v\u00ednculo que he creado con algunas personas este a\u00f1o, as\u00ed como la ambici\u00f3n que existe con el proyecto planteado para la temporada 2021\/2022\u00bb. La &#8217;10&#8217; del [&hellip;]"}